{"id":397,"date":"2023-10-06T21:12:29","date_gmt":"2023-10-06T21:12:29","guid":{"rendered":"https:\/\/projects.unifr.ch\/medikale-raeume\/index.php\/output\/"},"modified":"2026-03-09T17:07:21","modified_gmt":"2026-03-09T17:07:21","slug":"output","status":"publish","type":"page","link":"https:\/\/projects.unifr.ch\/medikale-raeume\/index.php\/output\/?lang=en","title":{"rendered":"Output"},"content":{"rendered":"<p>[et_pb_section fb_built=&#8220;1&#8243; _builder_version=&#8220;4.21.0&#8243; _module_preset=&#8220;default&#8220; background_color=&#8220;rgba(236,243,243,0.72)&#8220; background_image=&#8220;https:\/\/mr.4lima.de\/wp-content\/uploads\/2023\/07\/max-fuchs-Nm6ojlDO-5c-unsplash-scaled.jpg&#8220; background_blend=&#8220;lighten&#8220; transform_translate=&#8220;0px|-105px&#8220; transform_translate_linked=&#8220;off&#8220; custom_margin=&#8220;||||false|false&#8220; custom_padding=&#8220;0%||0%||false|false&#8220; border_radii=&#8220;off|||40px|40px&#8220; global_colors_info=&#8220;{}&#8220;][et_pb_row custom_padding_last_edited=&#8220;on|phone&#8220; _builder_version=&#8220;4.21.0&#8243; _module_preset=&#8220;default&#8220; width_tablet=&#8220;&#8220; width_phone=&#8220;90%&#8220; width_last_edited=&#8220;on|phone&#8220; custom_margin=&#8220;5%||5%||false|false&#8220; custom_margin_tablet=&#8220;28px||80px||false|false&#8220; custom_margin_phone=&#8220;0px||80px||false|false&#8220; custom_margin_last_edited=&#8220;on|phone&#8220; custom_padding=&#8220;|500px|||false|false&#8220; custom_padding_tablet=&#8220;|500px|||false|false&#8220; custom_padding_phone=&#8220;|0px|||false|false&#8220; global_colors_info=&#8220;{}&#8220;][et_pb_column type=&#8220;4_4&#8243; _builder_version=&#8220;4.21.0&#8243; _module_preset=&#8220;default&#8220; global_colors_info=&#8220;{}&#8220;][et_pb_text _builder_version=&#8220;4.21.0&#8243; _module_preset=&#8220;default&#8220; header_font=&#8220;Poppins|500|||||||&#8220; header_text_color=&#8220;#17181c&#8220; header_font_size=&#8220;44px&#8220; header_line_height=&#8220;1.2em&#8220; custom_margin=&#8220;62px|||||&#8220; global_colors_info=&#8220;{}&#8220;]<\/p>\n<h1>Output<\/h1>\n<p>[\/et_pb_text][\/et_pb_column][\/et_pb_row][\/et_pb_section][et_pb_section fb_built=&#8220;1&#8243; _builder_version=&#8220;4.21.0&#8243; _module_preset=&#8220;default&#8220; custom_padding=&#8220;0%||0%||false|false&#8220; global_colors_info=&#8220;{}&#8220;][et_pb_row _builder_version=&#8220;4.21.0&#8243; _module_preset=&#8220;default&#8220; global_colors_info=&#8220;{}&#8220;][et_pb_column type=&#8220;4_4&#8243; _builder_version=&#8220;4.21.0&#8243; _module_preset=&#8220;default&#8220; global_colors_info=&#8220;{}&#8220;][et_pb_text _builder_version=&#8220;4.21.0&#8243; _module_preset=&#8220;default&#8220; global_colors_info=&#8220;{}&#8220;]<\/p>\n<h1><strong>Monograph(s)<\/strong><\/h1>\n<p>[\/et_pb_text][\/et_pb_column][\/et_pb_row][\/et_pb_section][et_pb_section fb_built=&#8220;1&#8243; specialty=&#8220;on&#8220; _builder_version=&#8220;4.21.0&#8243; _module_preset=&#8220;default&#8220; custom_padding=&#8220;||0%||false|false&#8220; locked=&#8220;off&#8220; global_colors_info=&#8220;{}&#8220;][et_pb_column type=&#8220;2_3&#8243; specialty_columns=&#8220;2&#8243; _builder_version=&#8220;4.16&#8243; custom_padding=&#8220;|||&#8220; global_colors_info=&#8220;{}&#8220; custom_padding__hover=&#8220;|||&#8220;][et_pb_row_inner _builder_version=&#8220;4.21.0&#8243; _module_preset=&#8220;default&#8220; width=&#8220;100%&#8220; width_tablet=&#8220;&#8220; width_phone=&#8220;100%&#8220; width_last_edited=&#8220;on|phone&#8220; locked=&#8220;off&#8220; global_colors_info=&#8220;{}&#8220;][et_pb_column_inner saved_specialty_column_type=&#8220;2_3&#8243; _builder_version=&#8220;4.21.0&#8243; _module_preset=&#8220;default&#8220; global_colors_info=&#8220;{}&#8220;][et_pb_text _builder_version=&#8220;4.21.0&#8243; _module_preset=&#8220;default&#8220; header_font=&#8220;Poppins|500|||||||&#8220; header_text_color=&#8220;#17181c&#8220; header_font_size=&#8220;46px&#8220; header_line_height=&#8220;1.2em&#8220; header_2_font=&#8220;Poppins||||||||&#8220; header_2_line_height=&#8220;1.2em&#8220; custom_margin=&#8220;||12px||false|false&#8220; global_colors_info=&#8220;{}&#8220;]<\/p>\n<div class=\"page\" title=\"Page 1\">\n<h2><span><span style=\"color: #333333; font-family: Poppins, Helvetica, Arial, Lucida, sans-serif; font-size: 26px;\">Aum\u00fcller, Matthias: Medikaler Raum in der Erz\u00e4hlliteratur der DDR. Narratologische Fallanalysen und historische Entwicklung. Berlin\/Basel: Schwabe, 2025.\u00a0<\/span><\/span><\/h2>\n<\/div>\n<p>[\/et_pb_text][et_pb_text _builder_version=&#8220;4.21.0&#8243; _module_preset=&#8220;default&#8220; header_font=&#8220;Poppins|500|||||||&#8220; header_text_color=&#8220;#17181c&#8220; header_font_size=&#8220;46px&#8220; header_line_height=&#8220;1.2em&#8220; header_2_font=&#8220;Poppins||||||||&#8220; header_2_line_height=&#8220;1.2em&#8220; custom_margin=&#8220;||12px||false|false&#8220; global_colors_info=&#8220;{}&#8220;]<\/p>\n<div class=\"page\" title=\"Page 1\">\n<p style=\"text-align: left;\"><strong><span style=\"font-size: large;\">From tuberculosis hospital to pathology. Medical spaces in the narrative literature of the GDR:<\/span><\/strong><\/p>\n<p>Whether as a setting for socio-medical progress, ideological healing or the Cold War on the one hand, or as a place of critical reckoning with the past and individual and collective decline on the other, the medical space in the narrative literature of the GDR always has a representative significance for real society in addition to its concrete function in a fictional story. From a literary history perspective, this reflects a change in function that goes hand in hand with the changing attitudes of authors towards the GDR.<\/p>\n<p>The study by Matthias Aum\u00fcller (former SNF Senior Researcher) contains analyses of works by Christa Wolf, Gabriele St\u00f6tzer, J. C. Schwarz, Klaus Schlesinger, Maria H. Rauchfu\u00df, Stefan Heym and others.<\/p><\/div>\n<p>[\/et_pb_text][et_pb_text _builder_version=&#8220;4.21.0&#8243; _module_preset=&#8220;default&#8220; header_font=&#8220;Poppins|500|||||||&#8220; header_text_color=&#8220;#17181c&#8220; header_font_size=&#8220;46px&#8220; header_line_height=&#8220;1.2em&#8220; header_2_font=&#8220;Poppins||||||||&#8220; header_2_line_height=&#8220;1.2em&#8220; custom_margin=&#8220;||12px||false|false&#8220; global_colors_info=&#8220;{}&#8220;]<\/p>\n<div class=\"page\" title=\"Page 1\">\n<h2><\/h2>\n<\/div>\n<p>[\/et_pb_text][\/et_pb_column_inner][\/et_pb_row_inner][\/et_pb_column][et_pb_column type=&#8220;1_3&#8243; _builder_version=&#8220;4.16&#8243; custom_padding=&#8220;|||&#8220; global_colors_info=&#8220;{}&#8220; custom_padding__hover=&#8220;|||&#8220;][et_pb_image src=&#8220;https:\/\/projects.unifr.ch\/medikale-raeume\/wp-content\/uploads\/2026\/03\/\u00a9Aumueller_Matthias.jpg&#8220; title_text=&#8220;\u00a9Aum\u00fcller_Matthias&#8220; _builder_version=&#8220;4.21.0&#8243; _module_preset=&#8220;default&#8220; global_colors_info=&#8220;{}&#8220;][\/et_pb_image][et_pb_button button_url=&#8220;https:\/\/schwabe.ch\/matthias-aumueller-medikaler-raum-in-der-erzaehlenden-literatur-der-ddr-978-3-7965-5308-0&#8243; button_text=&#8220;View book&#8220; _builder_version=&#8220;4.21.0&#8243; _module_preset=&#8220;default&#8220; global_colors_info=&#8220;{}&#8220;][\/et_pb_button][\/et_pb_column][\/et_pb_section][et_pb_section fb_built=&#8220;1&#8243; _builder_version=&#8220;4.21.0&#8243; _module_preset=&#8220;default&#8220; custom_padding=&#8220;0%||0%||false|false&#8220; global_colors_info=&#8220;{}&#8220;][et_pb_row _builder_version=&#8220;4.21.0&#8243; _module_preset=&#8220;default&#8220; global_colors_info=&#8220;{}&#8220;][et_pb_column type=&#8220;4_4&#8243; _builder_version=&#8220;4.21.0&#8243; _module_preset=&#8220;default&#8220; global_colors_info=&#8220;{}&#8220;][et_pb_text _builder_version=&#8220;4.21.0&#8243; _module_preset=&#8220;default&#8220; global_colors_info=&#8220;{}&#8220;]<\/p>\n<h1><strong>Articles<\/strong><\/h1>\n<p>[\/et_pb_text][\/et_pb_column][\/et_pb_row][\/et_pb_section][et_pb_section fb_built=&#8220;1&#8243; specialty=&#8220;on&#8220; _builder_version=&#8220;4.21.0&#8243; _module_preset=&#8220;default&#8220; custom_padding=&#8220;0%||0%||false|false&#8220; global_colors_info=&#8220;{}&#8220;][et_pb_column type=&#8220;2_3&#8243; specialty_columns=&#8220;2&#8243; _builder_version=&#8220;4.16&#8243; custom_padding=&#8220;|||&#8220; global_colors_info=&#8220;{}&#8220; custom_padding__hover=&#8220;|||&#8220;][et_pb_row_inner _builder_version=&#8220;4.21.0&#8243; _module_preset=&#8220;default&#8220; width_tablet=&#8220;&#8220; width_phone=&#8220;100%&#8220; width_last_edited=&#8220;on|phone&#8220; custom_padding=&#8220;1px|||||&#8220; global_colors_info=&#8220;{}&#8220;][et_pb_column_inner saved_specialty_column_type=&#8220;2_3&#8243; _builder_version=&#8220;4.21.0&#8243; _module_preset=&#8220;default&#8220; global_colors_info=&#8220;{}&#8220;][et_pb_text _builder_version=&#8220;4.21.0&#8243; _module_preset=&#8220;default&#8220; header_font=&#8220;Poppins|500|||||||&#8220; header_text_color=&#8220;#17181c&#8220; header_font_size=&#8220;46px&#8220; header_line_height=&#8220;1.2em&#8220; header_2_font=&#8220;Poppins||||||||&#8220; header_2_line_height=&#8220;1.2em&#8220; custom_margin=&#8220;||12px||false|false&#8220; global_colors_info=&#8220;{}&#8220;]<\/p>\n<div class=\"page\" title=\"Page 1\">\n<div class=\"layoutArea\">\n<div class=\"column\">\n<h2>Martina King: Besch\u00e4digte K\u00f6rper im Lazarett &#8211; Leonhard Franks Erz\u00e4hlung Die Kriegskr\u00fcppel (1917), published in: Klaus Birnstiel, Johannes G\u00f6rbert (eds.): Literary Disability Studies im deutschsprachigen Raum. Behinderung als \u00e4sthetisches und kulturelles Ph\u00e4nomen in der Literatur des 20. Jahrhunderts, Sonderheft Kulturpoetik 2026\/2.<\/h2>\n<\/div>\n<\/div>\n<\/div>\n<p>[\/et_pb_text][\/et_pb_column_inner][\/et_pb_row_inner][et_pb_row_inner _builder_version=&#8220;4.21.0&#8243; _module_preset=&#8220;default&#8220; width_tablet=&#8220;&#8220; width_phone=&#8220;100%&#8220; width_last_edited=&#8220;on|phone&#8220; global_colors_info=&#8220;{}&#8220;][et_pb_column_inner saved_specialty_column_type=&#8220;2_3&#8243; _builder_version=&#8220;4.21.0&#8243; _module_preset=&#8220;default&#8220; global_colors_info=&#8220;{}&#8220;][et_pb_text _builder_version=&#8220;4.21.0&#8243; _module_preset=&#8220;default&#8220; header_font=&#8220;Poppins|500|||||||&#8220; header_text_color=&#8220;#17181c&#8220; header_font_size=&#8220;46px&#8220; header_line_height=&#8220;1.2em&#8220; header_2_font=&#8220;Poppins||||||||&#8220; header_2_line_height=&#8220;1.2em&#8220; custom_margin=&#8220;||12px||false|false&#8220; global_colors_info=&#8220;{}&#8220;]<\/p>\n<div class=\"page\" title=\"Page 1\">\n<div class=\"layoutArea\">\n<div class=\"column\">\n<h2>Baie, Mona: &#8222;Krankenhaus, ach Krankenhaus&#8220;: Zur Bedeutung des Klinikraums in David Wagners <i>Leben<\/i>\u00a0und\u00a0<i>Verkin<\/i> im Kontext neuerer architektonischer Raumtheorien. In: Mona Baie\/Alexander Honold\/Martina King (eds.): <i>Das Medikale im Werk David Wagners;\u00a0<\/i>appears Schwabe 2026.<\/h2>\n<\/div>\n<\/div>\n<\/div>\n<p>[\/et_pb_text][\/et_pb_column_inner][\/et_pb_row_inner][et_pb_row_inner _builder_version=&#8220;4.21.0&#8243; _module_preset=&#8220;default&#8220; width_tablet=&#8220;&#8220; width_phone=&#8220;100%&#8220; width_last_edited=&#8220;on|phone&#8220; global_colors_info=&#8220;{}&#8220;][et_pb_column_inner saved_specialty_column_type=&#8220;2_3&#8243; _builder_version=&#8220;4.21.0&#8243; _module_preset=&#8220;default&#8220; global_colors_info=&#8220;{}&#8220;][et_pb_text _builder_version=&#8220;4.21.0&#8243; _module_preset=&#8220;default&#8220; header_font=&#8220;Poppins|500|||||||&#8220; header_text_color=&#8220;#17181c&#8220; header_font_size=&#8220;46px&#8220; header_line_height=&#8220;1.2em&#8220; header_2_font=&#8220;Poppins||||||||&#8220; header_2_line_height=&#8220;1.2em&#8220; custom_margin=&#8220;||12px||false|false&#8220; global_colors_info=&#8220;{}&#8220;]<\/p>\n<div class=\"page\" title=\"Page 1\">\n<div class=\"layoutArea\">\n<div class=\"column\">\n<h2><span>Baie, Mona: &#8222;A Featureless Landscape of Humiliation and Loss&#8220;: Clinical Spaces and the Politics of Disability in Hilary Mantel\u2019s<\/span><span>\u00a0<\/span><i>Giving Up the Ghost<\/i><span>. In: Klaus Birnstiel\/Harriet Cooper\/Johannes G\u00f6rbert (eds.):<\/span><span>\u00a0<\/span><i>Literary and Cultural Disability Studies;<\/i><span> in print, Nomos 2026.<\/span><\/h2>\n<\/div>\n<\/div>\n<\/div>\n<p>[\/et_pb_text][\/et_pb_column_inner][\/et_pb_row_inner][et_pb_row_inner _builder_version=&#8220;4.21.0&#8243; _module_preset=&#8220;default&#8220; width_tablet=&#8220;&#8220; width_phone=&#8220;100%&#8220; width_last_edited=&#8220;on|phone&#8220; global_colors_info=&#8220;{}&#8220;][et_pb_column_inner saved_specialty_column_type=&#8220;2_3&#8243; _builder_version=&#8220;4.21.0&#8243; _module_preset=&#8220;default&#8220; global_colors_info=&#8220;{}&#8220;][et_pb_text _builder_version=&#8220;4.21.0&#8243; _module_preset=&#8220;default&#8220; header_font=&#8220;Poppins|500|||||||&#8220; header_text_color=&#8220;#17181c&#8220; header_font_size=&#8220;46px&#8220; header_line_height=&#8220;1.2em&#8220; header_2_font=&#8220;Poppins||||||||&#8220; header_2_line_height=&#8220;1.2em&#8220; custom_margin=&#8220;||12px||false|false&#8220; global_colors_info=&#8220;{}&#8220;]<\/p>\n<div class=\"page\" title=\"Page 1\">\n<div class=\"layoutArea\">\n<div class=\"column\">\n<h2>Baie, Mona: <span lang=\"de\" data-olk-copy-source=\"MessageBody\">Liegend k\u00e4mpfen: Der Heilort &#8222;Krankenhaus&#8220; und die Poetik der Affekte in Audre Lordes <i>The Cancer Journals.<\/i> I<\/span><span lang=\"de\">n<\/span><span lang=\"de\">: Alina Boy (ed.): Heilorte. Topiken und Topographien von Krankheit und Heilung in der Literatur; Rombach 2025, 163\u2013186.<\/span><\/h2>\n<\/div>\n<\/div>\n<\/div>\n<p>[\/et_pb_text][\/et_pb_column_inner][\/et_pb_row_inner][\/et_pb_column][et_pb_column type=&#8220;1_3&#8243; _builder_version=&#8220;4.16&#8243; custom_padding=&#8220;|||&#8220; global_colors_info=&#8220;{}&#8220; custom_padding__hover=&#8220;|||&#8220;][\/et_pb_column][\/et_pb_section][et_pb_section fb_built=&#8220;1&#8243; _builder_version=&#8220;4.21.0&#8243; _module_preset=&#8220;default&#8220; custom_padding=&#8220;0%||0%||false|false&#8220; global_colors_info=&#8220;{}&#8220;][et_pb_row _builder_version=&#8220;4.21.0&#8243; _module_preset=&#8220;default&#8220; global_colors_info=&#8220;{}&#8220;][et_pb_column type=&#8220;4_4&#8243; _builder_version=&#8220;4.21.0&#8243; _module_preset=&#8220;default&#8220; global_colors_info=&#8220;{}&#8220;][et_pb_text _builder_version=&#8220;4.21.0&#8243; _module_preset=&#8220;default&#8220; global_colors_info=&#8220;{}&#8220;]<\/p>\n<h1><strong>Master&#8217;s thesis<\/strong><\/h1>\n<p>[\/et_pb_text][\/et_pb_column][\/et_pb_row][\/et_pb_section][et_pb_section fb_built=&#8220;1&#8243; specialty=&#8220;on&#8220; _builder_version=&#8220;4.21.0&#8243; _module_preset=&#8220;default&#8220; custom_padding=&#8220;0%||0%||false|false&#8220; global_colors_info=&#8220;{}&#8220;][et_pb_column type=&#8220;2_3&#8243; specialty_columns=&#8220;2&#8243; _builder_version=&#8220;4.16&#8243; custom_padding=&#8220;|||&#8220; global_colors_info=&#8220;{}&#8220; custom_padding__hover=&#8220;|||&#8220;][et_pb_row_inner _builder_version=&#8220;4.21.0&#8243; _module_preset=&#8220;default&#8220; width_tablet=&#8220;&#8220; width_phone=&#8220;100%&#8220; width_last_edited=&#8220;on|phone&#8220; global_colors_info=&#8220;{}&#8220;][et_pb_column_inner saved_specialty_column_type=&#8220;2_3&#8243; _builder_version=&#8220;4.21.0&#8243; _module_preset=&#8220;default&#8220; global_colors_info=&#8220;{}&#8220;][et_pb_text _builder_version=&#8220;4.21.0&#8243; _module_preset=&#8220;default&#8220; header_font=&#8220;Poppins|500|||||||&#8220; header_text_color=&#8220;#17181c&#8220; header_font_size=&#8220;46px&#8220; header_line_height=&#8220;1.2em&#8220; header_2_font=&#8220;Poppins||||||||&#8220; header_2_line_height=&#8220;1.2em&#8220; custom_margin=&#8220;||12px||false|false&#8220; global_colors_info=&#8220;{}&#8220;]<\/p>\n<div class=\"page\" title=\"Page 1\">\n<div class=\"layoutArea\">\n<div class=\"column\">\n<h2><span data-olk-copy-source=\"MessageBody\"><\/span><\/h2>\n<h2><span data-olk-copy-source=\"MessageBody\">Zo\u00e9 Gabrielle Kuster: Les repr\u00e9sentations des h\u00f4pitaux de guerre \u2013 th\u00e9\u00e2tres des propagandes et autres volont\u00e9s sociopolitiques et culturelles (Master&#8217;s thesis in history of medicine, degree August 2025)<\/span><\/h2>\n<\/div>\n<\/div>\n<\/div>\n<p>[\/et_pb_text][\/et_pb_column_inner][\/et_pb_row_inner][\/et_pb_column][et_pb_column type=&#8220;1_3&#8243; _builder_version=&#8220;4.16&#8243; custom_padding=&#8220;|||&#8220; global_colors_info=&#8220;{}&#8220; custom_padding__hover=&#8220;|||&#8220;][et_pb_image src=&#8220;https:\/\/projects.unifr.ch\/medikale-raeume\/wp-content\/uploads\/2025\/01\/download-3.png&#8220; title_text=&#8220;download&#8220; show_in_lightbox=&#8220;on&#8220; _builder_version=&#8220;4.21.0&#8243; _module_preset=&#8220;default&#8220; min_height=&#8220;238.1px&#8220; custom_margin=&#8220;-24px|||||&#8220; border_radii=&#8220;off|30px||30px|&#8220; global_colors_info=&#8220;{}&#8220;][\/et_pb_image][\/et_pb_column][\/et_pb_section][et_pb_section fb_built=&#8220;1&#8243; _builder_version=&#8220;4.21.0&#8243; _module_preset=&#8220;default&#8220; custom_padding=&#8220;0%||0%||false|false&#8220; global_colors_info=&#8220;{}&#8220;][et_pb_row _builder_version=&#8220;4.21.0&#8243; _module_preset=&#8220;default&#8220; global_colors_info=&#8220;{}&#8220;][et_pb_column type=&#8220;4_4&#8243; _builder_version=&#8220;4.21.0&#8243; _module_preset=&#8220;default&#8220; global_colors_info=&#8220;{}&#8220;][et_pb_text _builder_version=&#8220;4.21.0&#8243; _module_preset=&#8220;default&#8220; global_colors_info=&#8220;{}&#8220;]<\/p>\n<h1><strong>Conference papers and lectures<\/strong><\/h1>\n<p>[\/et_pb_text][\/et_pb_column][\/et_pb_row][\/et_pb_section][et_pb_section fb_built=&#8220;1&#8243; specialty=&#8220;on&#8220; _builder_version=&#8220;4.21.0&#8243; _module_preset=&#8220;default&#8220; custom_padding=&#8220;0%||0%||false|false&#8220; global_colors_info=&#8220;{}&#8220;][et_pb_column type=&#8220;2_3&#8243; specialty_columns=&#8220;2&#8243; _builder_version=&#8220;4.16&#8243; custom_padding=&#8220;|||&#8220; global_colors_info=&#8220;{}&#8220; custom_padding__hover=&#8220;|||&#8220;][et_pb_row_inner _builder_version=&#8220;4.21.0&#8243; _module_preset=&#8220;default&#8220; width_tablet=&#8220;&#8220; width_phone=&#8220;100%&#8220; width_last_edited=&#8220;on|phone&#8220; global_colors_info=&#8220;{}&#8220;][et_pb_column_inner saved_specialty_column_type=&#8220;2_3&#8243; _builder_version=&#8220;4.21.0&#8243; _module_preset=&#8220;default&#8220; global_colors_info=&#8220;{}&#8220;][et_pb_text _builder_version=&#8220;4.21.0&#8243; _module_preset=&#8220;default&#8220; header_font=&#8220;Poppins|500|||||||&#8220; header_text_color=&#8220;#17181c&#8220; header_font_size=&#8220;46px&#8220; header_line_height=&#8220;1.2em&#8220; header_2_font=&#8220;Poppins||||||||&#8220; header_2_line_height=&#8220;1.2em&#8220; custom_margin=&#8220;||12px||false|false&#8220; global_colors_info=&#8220;{}&#8220;]<\/p>\n<div class=\"page\" title=\"Page 1\">\n<div class=\"layoutArea\">\n<div class=\"column\">\n<h2>&#8222;Krankenhausidylle, Klinikarkadien&#8220;: &#8222;Ideale&#8220; klinische R\u00e4ume in autobiografischer Literatur seit den 1960er Jahren<\/h2>\n<\/div>\n<\/div>\n<\/div>\n<p>[\/et_pb_text][et_pb_text _builder_version=&#8220;4.21.0&#8243; _module_preset=&#8220;default&#8220; header_3_font=&#8220;Poppins||||||||&#8220; header_3_text_color=&#8220;#555868&#8243; header_3_font_size=&#8220;21px&#8220; custom_margin=&#8220;0px||24px|24px|false|false&#8220; locked=&#8220;off&#8220; global_colors_info=&#8220;{}&#8220;]<\/p>\n<h3>\u2015 Mona Baie<\/h3>\n<p>[\/et_pb_text][et_pb_text _builder_version=&#8220;4.21.0&#8243; _module_preset=&#8220;default&#8220; text_font=&#8220;Poppins||||||||&#8220; text_font_size=&#8220;17px&#8220; text_line_height=&#8220;1.6em&#8220; text_orientation=&#8220;justified&#8220; global_colors_info=&#8220;{}&#8220;]<\/p>\n<p>19 March 2026 \u2013 20 March 2026<\/p>\n<p>Presentation: Workshop &#8222;Gesundheit gestalten&#8220;<\/p>\n<p>[\/et_pb_text][\/et_pb_column_inner][\/et_pb_row_inner][et_pb_row_inner column_structure=&#8220;1_2,1_2&#8243; _builder_version=&#8220;4.21.0&#8243; _module_preset=&#8220;default&#8220; global_colors_info=&#8220;{}&#8220;][et_pb_column_inner type=&#8220;1_2&#8243; saved_specialty_column_type=&#8220;2_3&#8243; _builder_version=&#8220;4.21.0&#8243; _module_preset=&#8220;default&#8220; global_colors_info=&#8220;{}&#8220;][et_pb_button button_url=&#8220;mailto:christian.vogel@med.ovgu.de&#8220; url_new_window=&#8220;on&#8220; button_text=&#8220;Registration&#8220; button_alignment=&#8220;left&#8220; _builder_version=&#8220;4.21.0&#8243; _module_preset=&#8220;default&#8220; custom_button=&#8220;on&#8220; button_text_size=&#8220;18px&#8220; button_text_color=&#8220;#FFFFFF&#8220; button_bg_color=&#8220;#000000&#8243; button_border_width=&#8220;0px&#8220; button_border_radius=&#8220;30px&#8220; button_font=&#8220;Poppins||||||||&#8220; button_icon=&#8220;&#xe010;||divi||400&#8243; button_icon_placement=&#8220;left&#8220; button_on_hover=&#8220;off&#8220; transform_translate_linked=&#8220;off&#8220; background_layout=&#8220;dark&#8220; custom_margin=&#8220;3px||||false|false&#8220; custom_padding=&#8220;||||false|false&#8220; box_shadow_style=&#8220;preset3&#8243; box_shadow_color=&#8220;RGBA(255,255,255,0)&#8220; global_colors_info=&#8220;{}&#8220; transform_styles__hover_enabled=&#8220;on|desktop&#8220; transform_scale__hover_enabled=&#8220;on|desktop&#8220; transform_translate__hover_enabled=&#8220;on|desktop&#8220; transform_rotate__hover_enabled=&#8220;on|desktop&#8220; transform_skew__hover_enabled=&#8220;on|desktop&#8220; transform_origin__hover_enabled=&#8220;on|desktop&#8220; box_shadow_color__hover_enabled=&#8220;on|hover&#8220; box_shadow_color__hover=&#8220;rgba(0,0,0,0.24)&#8220; transform_translate__hover=&#8220;0px|-2px&#8220;][\/et_pb_button][\/et_pb_column_inner][et_pb_column_inner type=&#8220;1_2&#8243; saved_specialty_column_type=&#8220;2_3&#8243; _builder_version=&#8220;4.21.0&#8243; _module_preset=&#8220;default&#8220; global_colors_info=&#8220;{}&#8220;][et_pb_text _builder_version=&#8220;4.21.0&#8243; _module_preset=&#8220;default&#8220; text_font=&#8220;Poppins||||||||&#8220; text_font_size=&#8220;17px&#8220; text_line_height=&#8220;1.6em&#8220; text_orientation=&#8220;center&#8220; custom_margin=&#8220;|||-213px|false|false&#8220; custom_margin_tablet=&#8220;|||-230px|false|false&#8220; custom_margin_phone=&#8220;|||0px|false|false&#8220; custom_margin_last_edited=&#8220;on|phone&#8220; global_colors_info=&#8220;{}&#8220;]<\/p>\n<div class=\"page\" title=\"Page 1\">\n<div class=\"layoutArea\">\n<div class=\"column\">\n<p><span>Universit\u00e4tsklinik Magdeburg<\/span><\/p>\n<\/div>\n<\/div>\n<\/div>\n<p>[\/et_pb_text][\/et_pb_column_inner][\/et_pb_row_inner][\/et_pb_column][et_pb_column type=&#8220;1_3&#8243; _builder_version=&#8220;4.16&#8243; custom_padding=&#8220;|||&#8220; global_colors_info=&#8220;{}&#8220; custom_padding__hover=&#8220;|||&#8220;][et_pb_image src=&#8220;https:\/\/projects.unifr.ch\/medikale-raeume\/wp-content\/uploads\/2026\/03\/\u00a9Universitaetsmedizin_Magdeburg.jpg&#8220; title_text=&#8220;\u00a9Universit\u00e4tsmedizin_Magdeburg&#8220; show_in_lightbox=&#8220;on&#8220; _builder_version=&#8220;4.21.0&#8243; _module_preset=&#8220;default&#8220; border_radii=&#8220;off|30px||30px|&#8220; global_colors_info=&#8220;{}&#8220;][\/et_pb_image][\/et_pb_column][\/et_pb_section][et_pb_section fb_built=&#8220;1&#8243; specialty=&#8220;on&#8220; _builder_version=&#8220;4.21.0&#8243; _module_preset=&#8220;default&#8220; custom_padding=&#8220;0%||0%||false|false&#8220; global_colors_info=&#8220;{}&#8220;][et_pb_column type=&#8220;2_3&#8243; specialty_columns=&#8220;2&#8243; _builder_version=&#8220;4.16&#8243; custom_padding=&#8220;|||&#8220; global_colors_info=&#8220;{}&#8220; custom_padding__hover=&#8220;|||&#8220;][et_pb_row_inner _builder_version=&#8220;4.21.0&#8243; _module_preset=&#8220;default&#8220; width_tablet=&#8220;&#8220; width_phone=&#8220;100%&#8220; width_last_edited=&#8220;on|phone&#8220; global_colors_info=&#8220;{}&#8220;][et_pb_column_inner saved_specialty_column_type=&#8220;2_3&#8243; _builder_version=&#8220;4.21.0&#8243; _module_preset=&#8220;default&#8220; global_colors_info=&#8220;{}&#8220;][et_pb_text _builder_version=&#8220;4.21.0&#8243; _module_preset=&#8220;default&#8220; header_font=&#8220;Poppins|500|||||||&#8220; header_text_color=&#8220;#17181c&#8220; header_font_size=&#8220;46px&#8220; header_line_height=&#8220;1.2em&#8220; header_2_font=&#8220;Poppins||||||||&#8220; header_2_line_height=&#8220;1.2em&#8220; custom_margin=&#8220;||12px||false|false&#8220; global_colors_info=&#8220;{}&#8220;]<\/p>\n<div class=\"page\" title=\"Page 1\">\n<div class=\"layoutArea\">\n<div class=\"column\">\n<h2><span data-olk-copy-source=\"MessageBody\">Zwischen Inklusion und Medikalisierung: Klinische R\u00e4ume und Behinderung in der europ\u00e4ischen Gegenwartsliteratur<\/span><\/h2>\n<\/div>\n<\/div>\n<\/div>\n<p>[\/et_pb_text][et_pb_text _builder_version=&#8220;4.21.0&#8243; _module_preset=&#8220;default&#8220; header_3_font=&#8220;Poppins||||||||&#8220; header_3_text_color=&#8220;#555868&#8243; header_3_font_size=&#8220;21px&#8220; custom_margin=&#8220;0px||24px|24px|false|false&#8220; locked=&#8220;off&#8220; global_colors_info=&#8220;{}&#8220;]<\/p>\n<h3>\u2015 Mona Baie<\/h3>\n<p>[\/et_pb_text][et_pb_text _builder_version=&#8220;4.21.0&#8243; _module_preset=&#8220;default&#8220; text_font=&#8220;Poppins||||||||&#8220; text_font_size=&#8220;17px&#8220; text_line_height=&#8220;1.6em&#8220; text_orientation=&#8220;justified&#8220; global_colors_info=&#8220;{}&#8220;]<\/p>\n<p>07.05.2025, 18:15<\/p>\n<p>Presentation<\/p>\n<p>[\/et_pb_text][\/et_pb_column_inner][\/et_pb_row_inner][et_pb_row_inner column_structure=&#8220;1_2,1_2&#8243; _builder_version=&#8220;4.21.0&#8243; _module_preset=&#8220;default&#8220; global_colors_info=&#8220;{}&#8220;][et_pb_column_inner type=&#8220;1_2&#8243; saved_specialty_column_type=&#8220;2_3&#8243; _builder_version=&#8220;4.21.0&#8243; _module_preset=&#8220;default&#8220; global_colors_info=&#8220;{}&#8220;][et_pb_button button_url=&#8220;https:\/\/goo.gl\/maps\/2gVkg1K13B8HBw7L7&#8243; url_new_window=&#8220;on&#8220; button_text=&#8220;Get there&#8220; button_alignment=&#8220;left&#8220; _builder_version=&#8220;4.21.0&#8243; _module_preset=&#8220;default&#8220; custom_button=&#8220;on&#8220; button_text_size=&#8220;18px&#8220; button_text_color=&#8220;#FFFFFF&#8220; button_bg_color=&#8220;#000000&#8243; button_border_width=&#8220;0px&#8220; button_border_radius=&#8220;30px&#8220; button_font=&#8220;Poppins||||||||&#8220; button_icon=&#8220;&#xf1b9;||fa||900&#8243; button_icon_placement=&#8220;left&#8220; button_on_hover=&#8220;off&#8220; transform_translate_linked=&#8220;off&#8220; background_layout=&#8220;dark&#8220; custom_margin=&#8220;3px||||false|false&#8220; custom_padding=&#8220;||||false|false&#8220; box_shadow_style=&#8220;preset3&#8243; box_shadow_color=&#8220;RGBA(255,255,255,0)&#8220; global_colors_info=&#8220;{}&#8220; transform_styles__hover_enabled=&#8220;on|desktop&#8220; transform_scale__hover_enabled=&#8220;on|desktop&#8220; transform_translate__hover_enabled=&#8220;on|desktop&#8220; transform_rotate__hover_enabled=&#8220;on|desktop&#8220; transform_skew__hover_enabled=&#8220;on|desktop&#8220; transform_origin__hover_enabled=&#8220;on|desktop&#8220; box_shadow_color__hover_enabled=&#8220;on|hover&#8220; box_shadow_color__hover=&#8220;rgba(0,0,0,0.24)&#8220; transform_translate__hover=&#8220;0px|-2px&#8220;][\/et_pb_button][\/et_pb_column_inner][et_pb_column_inner type=&#8220;1_2&#8243; saved_specialty_column_type=&#8220;2_3&#8243; _builder_version=&#8220;4.21.0&#8243; _module_preset=&#8220;default&#8220; global_colors_info=&#8220;{}&#8220;][et_pb_text _builder_version=&#8220;4.21.0&#8243; _module_preset=&#8220;default&#8220; text_font=&#8220;Poppins||||||||&#8220; text_font_size=&#8220;17px&#8220; text_line_height=&#8220;1.6em&#8220; text_orientation=&#8220;justified&#8220; custom_margin=&#8220;|||-213px|false|false&#8220; custom_margin_tablet=&#8220;|||-230px|false|false&#8220; custom_margin_phone=&#8220;|||0px|false|false&#8220; custom_margin_last_edited=&#8220;on|phone&#8220; global_colors_info=&#8220;{}&#8220;]<\/p>\n<div class=\"page\" title=\"Page 1\">\n<div class=\"layoutArea\">\n<div class=\"column\">\n<p><span>Freie Universit\u00e4t Berlin, lecture hall 2, Habelschwerdter Allee 45, D\u201314195 Berlin<\/span><\/p>\n<\/div>\n<\/div>\n<\/div>\n<p>[\/et_pb_text][\/et_pb_column_inner][\/et_pb_row_inner][\/et_pb_column][et_pb_column type=&#8220;1_3&#8243; _builder_version=&#8220;4.16&#8243; custom_padding=&#8220;|||&#8220; global_colors_info=&#8220;{}&#8220; custom_padding__hover=&#8220;|||&#8220;][et_pb_image src=&#8220;https:\/\/projects.unifr.ch\/medikale-raeume\/wp-content\/uploads\/2025\/03\/RVL_Literary-Disability-Studies_Plakat-1.jpeg&#8220; title_text=&#8220;RVL_Literary Disability Studies_Plakat&#8220; show_in_lightbox=&#8220;on&#8220; _builder_version=&#8220;4.21.0&#8243; _module_preset=&#8220;default&#8220; border_radii=&#8220;off|30px||30px|&#8220; global_colors_info=&#8220;{}&#8220;][\/et_pb_image][\/et_pb_column][\/et_pb_section][et_pb_section fb_built=&#8220;1&#8243; specialty=&#8220;on&#8220; _builder_version=&#8220;4.21.0&#8243; _module_preset=&#8220;default&#8220; custom_padding=&#8220;||5%||false|false&#8220; locked=&#8220;off&#8220; global_colors_info=&#8220;{}&#8220;][et_pb_column type=&#8220;2_3&#8243; specialty_columns=&#8220;2&#8243; _builder_version=&#8220;4.16&#8243; custom_padding=&#8220;|||&#8220; global_colors_info=&#8220;{}&#8220; custom_padding__hover=&#8220;|||&#8220;][et_pb_row_inner _builder_version=&#8220;4.21.0&#8243; _module_preset=&#8220;default&#8220; width_tablet=&#8220;&#8220; width_phone=&#8220;100%&#8220; width_last_edited=&#8220;on|phone&#8220; global_colors_info=&#8220;{}&#8220;][et_pb_column_inner saved_specialty_column_type=&#8220;2_3&#8243; _builder_version=&#8220;4.21.0&#8243; _module_preset=&#8220;default&#8220; global_colors_info=&#8220;{}&#8220;][et_pb_text _builder_version=&#8220;4.21.0&#8243; _module_preset=&#8220;default&#8220; header_font=&#8220;Poppins|500|||||||&#8220; header_text_color=&#8220;#17181c&#8220; header_font_size=&#8220;46px&#8220; header_line_height=&#8220;1.2em&#8220; header_2_font=&#8220;Poppins||||||||&#8220; header_2_line_height=&#8220;1.2em&#8220; custom_margin=&#8220;||12px||false|false&#8220; global_colors_info=&#8220;{}&#8220;]<\/p>\n<h2>The clinical ward in medical history: spatial climax of multiple interrelations (DE)<\/h2>\n<p>[\/et_pb_text][et_pb_text _builder_version=&#8220;4.21.0&#8243; _module_preset=&#8220;default&#8220; header_font=&#8220;Poppins|500|||||||&#8220; header_text_color=&#8220;#17181c&#8220; header_font_size=&#8220;46px&#8220; header_line_height=&#8220;1.2em&#8220; header_2_font=&#8220;Poppins||||||||&#8220; header_2_line_height=&#8220;1.2em&#8220; custom_margin=&#8220;||12px||false|false&#8220; global_colors_info=&#8220;{}&#8220;]<\/p>\n<p style=\"font-weight: 400;\">Alfons Labisch, author of the classic Homo hygienicus, talks about hospital sickrooms from the perspective of medical history \u2013 using unpublished image and text material. This will result in exciting, new approaches to the still largely unwritten cultural history of patients\u2019 rooms and wards.<\/p>\n<p>[\/et_pb_text][et_pb_text _builder_version=&#8220;4.21.0&#8243; _module_preset=&#8220;default&#8220; header_3_font=&#8220;Poppins||||||||&#8220; header_3_text_color=&#8220;#555868&#8243; header_3_font_size=&#8220;21px&#8220; custom_margin=&#8220;0px||24px|24px|false|false&#8220; locked=&#8220;off&#8220; global_colors_info=&#8220;{}&#8220;]<\/p>\n<h3>\u2015 \u00a0<span>Alfons Labisch<\/span><\/h3>\n<div><\/div>\n<p>[\/et_pb_text][et_pb_text _builder_version=&#8220;4.21.0&#8243; _module_preset=&#8220;default&#8220; text_font=&#8220;Poppins||||||||&#8220; text_font_size=&#8220;17px&#8220; text_line_height=&#8220;1.6em&#8220; text_orientation=&#8220;justified&#8220; global_colors_info=&#8220;{}&#8220;]<\/p>\n<div><span>15.03.2024 <\/span><span>17:00-19:00<\/span><\/div>\n<p>[\/et_pb_text][\/et_pb_column_inner][\/et_pb_row_inner][et_pb_row_inner column_structure=&#8220;1_2,1_2&#8243; _builder_version=&#8220;4.21.0&#8243; _module_preset=&#8220;default&#8220; global_colors_info=&#8220;{}&#8220;][et_pb_column_inner type=&#8220;1_2&#8243; saved_specialty_column_type=&#8220;2_3&#8243; _builder_version=&#8220;4.21.0&#8243; _module_preset=&#8220;default&#8220; global_colors_info=&#8220;{}&#8220;][et_pb_button button_url=&#8220;https:\/\/goo.gl\/maps\/2gVkg1K13B8HBw7L7&#8243; url_new_window=&#8220;on&#8220; button_text=&#8220;Get there&#8220; button_alignment=&#8220;left&#8220; _builder_version=&#8220;4.21.0&#8243; _module_preset=&#8220;default&#8220; custom_button=&#8220;on&#8220; button_text_size=&#8220;18px&#8220; button_text_color=&#8220;#FFFFFF&#8220; button_bg_color=&#8220;#000000&#8243; button_border_width=&#8220;0px&#8220; button_border_radius=&#8220;30px&#8220; button_font=&#8220;Poppins||||||||&#8220; button_icon=&#8220;&#xf1b9;||fa||900&#8243; button_icon_placement=&#8220;left&#8220; button_on_hover=&#8220;off&#8220; transform_translate_linked=&#8220;off&#8220; background_layout=&#8220;dark&#8220; custom_margin=&#8220;3px||||false|false&#8220; custom_padding=&#8220;||||false|false&#8220; box_shadow_style=&#8220;preset3&#8243; box_shadow_color=&#8220;RGBA(255,255,255,0)&#8220; global_colors_info=&#8220;{}&#8220; transform_styles__hover_enabled=&#8220;on|desktop&#8220; transform_scale__hover_enabled=&#8220;on|desktop&#8220; transform_translate__hover_enabled=&#8220;on|desktop&#8220; transform_rotate__hover_enabled=&#8220;on|desktop&#8220; transform_skew__hover_enabled=&#8220;on|desktop&#8220; transform_origin__hover_enabled=&#8220;on|desktop&#8220; box_shadow_color__hover_enabled=&#8220;on|hover&#8220; box_shadow_color__hover=&#8220;rgba(0,0,0,0.24)&#8220; transform_translate__hover=&#8220;0px|-2px&#8220;][\/et_pb_button][\/et_pb_column_inner][et_pb_column_inner type=&#8220;1_2&#8243; saved_specialty_column_type=&#8220;2_3&#8243; _builder_version=&#8220;4.21.0&#8243; _module_preset=&#8220;default&#8220; global_colors_info=&#8220;{}&#8220;][et_pb_text _builder_version=&#8220;4.21.0&#8243; _module_preset=&#8220;default&#8220; text_font=&#8220;Poppins||||||||&#8220; text_font_size=&#8220;17px&#8220; text_line_height=&#8220;1.6em&#8220; text_orientation=&#8220;center&#8220; custom_margin=&#8220;|||-230px|false|false&#8220; custom_margin_tablet=&#8220;|||-230px|false|false&#8220; custom_margin_phone=&#8220;|||0px|false|false&#8220; custom_margin_last_edited=&#8220;on|phone&#8220; global_colors_info=&#8220;{}&#8220;]<\/p>\n<p style=\"font-weight: 400;\">Room 036 Saal Henri Dunant, PER 17<br \/>Chem. du Mus\u00e9e 18, CH\u20131700 Fribourg<\/p>\n<p>[\/et_pb_text][\/et_pb_column_inner][\/et_pb_row_inner][\/et_pb_column][et_pb_column type=&#8220;1_3&#8243; _builder_version=&#8220;4.16&#8243; custom_padding=&#8220;|||&#8220; global_colors_info=&#8220;{}&#8220; custom_padding__hover=&#8220;|||&#8220;][et_pb_image src=&#8220;https:\/\/projects.unifr.ch\/medikale-raeume\/wp-content\/uploads\/2023\/07\/Alfons-Labisch-Foto.jpg&#8220; title_text=&#8220;Alfons Labisch Foto&#8220; show_in_lightbox=&#8220;on&#8220; _builder_version=&#8220;4.21.0&#8243; _module_preset=&#8220;default&#8220; border_radii=&#8220;off|30px||30px|&#8220; global_colors_info=&#8220;{}&#8220;][\/et_pb_image][\/et_pb_column][\/et_pb_section][et_pb_section fb_built=&#8220;1&#8243; specialty=&#8220;on&#8220; _builder_version=&#8220;4.21.0&#8243; _module_preset=&#8220;default&#8220; custom_padding=&#8220;0%||0%||false|false&#8220; global_colors_info=&#8220;{}&#8220;][et_pb_column type=&#8220;2_3&#8243; specialty_columns=&#8220;2&#8243; _builder_version=&#8220;4.16&#8243; custom_padding=&#8220;|||&#8220; global_colors_info=&#8220;{}&#8220; custom_padding__hover=&#8220;|||&#8220;][et_pb_row_inner _builder_version=&#8220;4.21.0&#8243; _module_preset=&#8220;default&#8220; width_tablet=&#8220;&#8220; width_phone=&#8220;100%&#8220; width_last_edited=&#8220;on|phone&#8220; global_colors_info=&#8220;{}&#8220;][et_pb_column_inner saved_specialty_column_type=&#8220;2_3&#8243; _builder_version=&#8220;4.21.0&#8243; _module_preset=&#8220;default&#8220; global_colors_info=&#8220;{}&#8220;][et_pb_text _builder_version=&#8220;4.21.0&#8243; _module_preset=&#8220;default&#8220; header_font=&#8220;Poppins|500|||||||&#8220; header_text_color=&#8220;#17181c&#8220; header_font_size=&#8220;46px&#8220; header_line_height=&#8220;1.2em&#8220; header_2_font=&#8220;Poppins||||||||&#8220; header_2_line_height=&#8220;1.2em&#8220; custom_margin=&#8220;||12px||false|false&#8220; global_colors_info=&#8220;{}&#8220;]<\/p>\n<div class=\"page\" title=\"Page 1\">\n<div class=\"layoutArea\">\n<div class=\"column\">\n<h2><span>&#8222;A Featureless Landscape of Humiliation and Loss&#8220;<br \/>Clinical Spaces and the Politics of Disability in Hilary Mantel\u2019s <\/span><span>Giving Up the Ghost <\/span><span>(2003) <\/span><\/h2>\n<\/div>\n<\/div>\n<\/div>\n<p>[\/et_pb_text][et_pb_text _builder_version=&#8220;4.21.0&#8243; _module_preset=&#8220;default&#8220; header_3_font=&#8220;Poppins||||||||&#8220; header_3_text_color=&#8220;#555868&#8243; header_3_font_size=&#8220;21px&#8220; custom_margin=&#8220;0px||24px|24px|false|false&#8220; locked=&#8220;off&#8220; global_colors_info=&#8220;{}&#8220;]<\/p>\n<h3>\u2015 Mona Baie<\/h3>\n<p>[\/et_pb_text][et_pb_text _builder_version=&#8220;4.21.0&#8243; _module_preset=&#8220;default&#8220; text_font=&#8220;Poppins||||||||&#8220; text_font_size=&#8220;17px&#8220; text_line_height=&#8220;1.6em&#8220; text_orientation=&#8220;justified&#8220; global_colors_info=&#8220;{}&#8220;]<\/p>\n<p>03.11.2023, 16:30<\/p>\n<p>Presentation<\/p>\n<p>[\/et_pb_text][\/et_pb_column_inner][\/et_pb_row_inner][et_pb_row_inner column_structure=&#8220;1_2,1_2&#8243; _builder_version=&#8220;4.21.0&#8243; _module_preset=&#8220;default&#8220; global_colors_info=&#8220;{}&#8220;][et_pb_column_inner type=&#8220;1_2&#8243; saved_specialty_column_type=&#8220;2_3&#8243; _builder_version=&#8220;4.21.0&#8243; _module_preset=&#8220;default&#8220; global_colors_info=&#8220;{}&#8220;][et_pb_button button_url=&#8220;https:\/\/goo.gl\/maps\/2gVkg1K13B8HBw7L7&#8243; url_new_window=&#8220;on&#8220; button_text=&#8220;Get there&#8220; button_alignment=&#8220;left&#8220; _builder_version=&#8220;4.21.0&#8243; _module_preset=&#8220;default&#8220; custom_button=&#8220;on&#8220; button_text_size=&#8220;18px&#8220; button_text_color=&#8220;#FFFFFF&#8220; button_bg_color=&#8220;#000000&#8243; button_border_width=&#8220;0px&#8220; button_border_radius=&#8220;30px&#8220; button_font=&#8220;Poppins||||||||&#8220; button_icon=&#8220;&#xf1b9;||fa||900&#8243; button_icon_placement=&#8220;left&#8220; button_on_hover=&#8220;off&#8220; transform_translate_linked=&#8220;off&#8220; background_layout=&#8220;dark&#8220; custom_margin=&#8220;3px||||false|false&#8220; custom_padding=&#8220;||||false|false&#8220; box_shadow_style=&#8220;preset3&#8243; box_shadow_color=&#8220;RGBA(255,255,255,0)&#8220; global_colors_info=&#8220;{}&#8220; transform_styles__hover_enabled=&#8220;on|desktop&#8220; transform_scale__hover_enabled=&#8220;on|desktop&#8220; transform_translate__hover_enabled=&#8220;on|desktop&#8220; transform_rotate__hover_enabled=&#8220;on|desktop&#8220; transform_skew__hover_enabled=&#8220;on|desktop&#8220; transform_origin__hover_enabled=&#8220;on|desktop&#8220; box_shadow_color__hover_enabled=&#8220;on|hover&#8220; box_shadow_color__hover=&#8220;rgba(0,0,0,0.24)&#8220; transform_translate__hover=&#8220;0px|-2px&#8220;][\/et_pb_button][\/et_pb_column_inner][et_pb_column_inner type=&#8220;1_2&#8243; saved_specialty_column_type=&#8220;2_3&#8243; _builder_version=&#8220;4.21.0&#8243; _module_preset=&#8220;default&#8220; global_colors_info=&#8220;{}&#8220;][et_pb_text _builder_version=&#8220;4.21.0&#8243; _module_preset=&#8220;default&#8220; text_font=&#8220;Poppins||||||||&#8220; text_font_size=&#8220;17px&#8220; text_line_height=&#8220;1.6em&#8220; text_orientation=&#8220;justified&#8220; custom_margin=&#8220;|||-213px|false|false&#8220; custom_margin_tablet=&#8220;|||-230px|false|false&#8220; custom_margin_phone=&#8220;|||0px|false|false&#8220; custom_margin_last_edited=&#8220;on|phone&#8220; global_colors_info=&#8220;{}&#8220;]<\/p>\n<div class=\"page\" title=\"Page 1\">\n<div class=\"layoutArea\">\n<div class=\"column\">\n<p><span>Conference \u201cLiterary and Cultural Disability Studies. British and Continental Perspectives\u201d, University of Fribourg, Switzerland <\/span><\/p>\n<\/div>\n<\/div>\n<\/div>\n<p>[\/et_pb_text][\/et_pb_column_inner][\/et_pb_row_inner][\/et_pb_column][et_pb_column type=&#8220;1_3&#8243; _builder_version=&#8220;4.16&#8243; custom_padding=&#8220;|||&#8220; global_colors_info=&#8220;{}&#8220; custom_padding__hover=&#8220;|||&#8220;][et_pb_image src=&#8220;https:\/\/projects.unifr.ch\/medikale-raeume\/wp-content\/uploads\/2023\/10\/image001.png&#8220; title_text=&#8220;image001&#8243; show_in_lightbox=&#8220;on&#8220; _builder_version=&#8220;4.21.0&#8243; _module_preset=&#8220;default&#8220; border_radii=&#8220;off|30px||30px|&#8220; global_colors_info=&#8220;{}&#8220;][\/et_pb_image][\/et_pb_column][\/et_pb_section][et_pb_section fb_built=&#8220;1&#8243; specialty=&#8220;on&#8220; _builder_version=&#8220;4.21.0&#8243; _module_preset=&#8220;default&#8220; custom_padding=&#8220;0%||0%||false|false&#8220; global_colors_info=&#8220;{}&#8220;][et_pb_column type=&#8220;2_3&#8243; specialty_columns=&#8220;2&#8243; _builder_version=&#8220;4.16&#8243; custom_padding=&#8220;|||&#8220; global_colors_info=&#8220;{}&#8220; custom_padding__hover=&#8220;|||&#8220;][et_pb_row_inner _builder_version=&#8220;4.21.0&#8243; _module_preset=&#8220;default&#8220; width_tablet=&#8220;&#8220; width_phone=&#8220;100%&#8220; width_last_edited=&#8220;on|phone&#8220; global_colors_info=&#8220;{}&#8220;][et_pb_column_inner saved_specialty_column_type=&#8220;2_3&#8243; _builder_version=&#8220;4.21.0&#8243; _module_preset=&#8220;default&#8220; global_colors_info=&#8220;{}&#8220;][et_pb_text _builder_version=&#8220;4.21.0&#8243; _module_preset=&#8220;default&#8220; header_font=&#8220;Poppins|500|||||||&#8220; header_text_color=&#8220;#17181c&#8220; header_font_size=&#8220;46px&#8220; header_line_height=&#8220;1.2em&#8220; header_2_font=&#8220;Poppins||||||||&#8220; header_2_line_height=&#8220;1.2em&#8220; custom_margin=&#8220;||12px||false|false&#8220; global_colors_info=&#8220;{}&#8220;]<\/p>\n<h2>Medical Spaces in Literary Prose (1918-1933)<\/h2>\n<p>[\/et_pb_text][et_pb_text _builder_version=&#8220;4.21.0&#8243; _module_preset=&#8220;default&#8220; header_3_font=&#8220;Poppins||||||||&#8220; header_3_text_color=&#8220;#555868&#8243; header_3_font_size=&#8220;21px&#8220; custom_margin=&#8220;0px||24px|24px|false|false&#8220; locked=&#8220;off&#8220; global_colors_info=&#8220;{}&#8220;]<\/p>\n<h3>\u2015 Martina King<\/h3>\n<p>[\/et_pb_text][et_pb_text _builder_version=&#8220;4.21.0&#8243; _module_preset=&#8220;default&#8220; text_font=&#8220;Poppins||||||||&#8220; text_font_size=&#8220;17px&#8220; text_line_height=&#8220;1.6em&#8220; text_orientation=&#8220;justified&#8220; global_colors_info=&#8220;{}&#8220;]<\/p>\n<p>11.10.2023, 18:30<\/p>\n<p>Presentation (online)<\/p>\n<p>[\/et_pb_text][\/et_pb_column_inner][\/et_pb_row_inner][et_pb_row_inner column_structure=&#8220;1_2,1_2&#8243; _builder_version=&#8220;4.21.0&#8243; _module_preset=&#8220;default&#8220; global_colors_info=&#8220;{}&#8220;][et_pb_column_inner type=&#8220;1_2&#8243; saved_specialty_column_type=&#8220;2_3&#8243; _builder_version=&#8220;4.21.0&#8243; _module_preset=&#8220;default&#8220; global_colors_info=&#8220;{}&#8220;][et_pb_button button_url=&#8220;https:\/\/goo.gl\/maps\/2gVkg1K13B8HBw7L7&#8243; url_new_window=&#8220;on&#8220; button_text=&#8220;Get there&#8220; button_alignment=&#8220;left&#8220; _builder_version=&#8220;4.21.0&#8243; _module_preset=&#8220;default&#8220; custom_button=&#8220;on&#8220; button_text_size=&#8220;18px&#8220; button_text_color=&#8220;#FFFFFF&#8220; button_bg_color=&#8220;#000000&#8243; button_border_width=&#8220;0px&#8220; button_border_radius=&#8220;30px&#8220; button_font=&#8220;Poppins||||||||&#8220; button_icon=&#8220;&#xf1b9;||fa||900&#8243; button_icon_placement=&#8220;left&#8220; button_on_hover=&#8220;off&#8220; transform_translate_linked=&#8220;off&#8220; background_layout=&#8220;dark&#8220; custom_margin=&#8220;3px||||false|false&#8220; custom_padding=&#8220;||||false|false&#8220; box_shadow_style=&#8220;preset3&#8243; box_shadow_color=&#8220;RGBA(255,255,255,0)&#8220; global_colors_info=&#8220;{}&#8220; transform_styles__hover_enabled=&#8220;on|desktop&#8220; transform_scale__hover_enabled=&#8220;on|desktop&#8220; transform_translate__hover_enabled=&#8220;on|desktop&#8220; transform_rotate__hover_enabled=&#8220;on|desktop&#8220; transform_skew__hover_enabled=&#8220;on|desktop&#8220; transform_origin__hover_enabled=&#8220;on|desktop&#8220; box_shadow_color__hover_enabled=&#8220;on|hover&#8220; box_shadow_color__hover=&#8220;rgba(0,0,0,0.24)&#8220; transform_translate__hover=&#8220;0px|-2px&#8220;][\/et_pb_button][\/et_pb_column_inner][et_pb_column_inner type=&#8220;1_2&#8243; saved_specialty_column_type=&#8220;2_3&#8243; _builder_version=&#8220;4.21.0&#8243; _module_preset=&#8220;default&#8220; global_colors_info=&#8220;{}&#8220;][et_pb_text _builder_version=&#8220;4.21.0&#8243; _module_preset=&#8220;default&#8220; text_font=&#8220;Poppins||||||||&#8220; text_font_size=&#8220;17px&#8220; text_line_height=&#8220;1.6em&#8220; text_orientation=&#8220;center&#8220; custom_margin=&#8220;|||-230px|false|false&#8220; custom_margin_tablet=&#8220;|||-230px|false|false&#8220; custom_margin_phone=&#8220;|||0px|false|false&#8220; custom_margin_last_edited=&#8220;on|phone&#8220; global_colors_info=&#8220;{}&#8220;]<\/p>\n<p><span>Literary Studies Colloquium<br \/>Institute for German Studies, Graz University<\/span><\/p>\n<p>[\/et_pb_text][\/et_pb_column_inner][\/et_pb_row_inner][\/et_pb_column][et_pb_column type=&#8220;1_3&#8243; _builder_version=&#8220;4.16&#8243; custom_padding=&#8220;|||&#8220; global_colors_info=&#8220;{}&#8220; custom_padding__hover=&#8220;|||&#8220;][et_pb_image src=&#8220;https:\/\/projects.unifr.ch\/medikale-raeume\/wp-content\/uploads\/2023\/10\/literaturwissenschaftliches-kolloquium.png&#8220; title_text=&#8220;literaturwissenschaftliches-kolloquium&#8220; show_in_lightbox=&#8220;on&#8220; _builder_version=&#8220;4.21.0&#8243; _module_preset=&#8220;default&#8220; border_radii=&#8220;off|30px||30px|&#8220; global_colors_info=&#8220;{}&#8220;][\/et_pb_image][\/et_pb_column][\/et_pb_section][et_pb_section fb_built=&#8220;1&#8243; specialty=&#8220;on&#8220; _builder_version=&#8220;4.21.0&#8243; _module_preset=&#8220;default&#8220; custom_padding=&#8220;0%||0%||false|false&#8220; locked=&#8220;off&#8220; global_colors_info=&#8220;{}&#8220;][et_pb_column type=&#8220;2_3&#8243; specialty_columns=&#8220;2&#8243; _builder_version=&#8220;4.16&#8243; custom_padding=&#8220;|||&#8220; global_colors_info=&#8220;{}&#8220; custom_padding__hover=&#8220;|||&#8220;][et_pb_row_inner _builder_version=&#8220;4.21.0&#8243; _module_preset=&#8220;default&#8220; width_tablet=&#8220;&#8220; width_phone=&#8220;100%&#8220; width_last_edited=&#8220;on|phone&#8220; global_colors_info=&#8220;{}&#8220;][et_pb_column_inner saved_specialty_column_type=&#8220;2_3&#8243; _builder_version=&#8220;4.21.0&#8243; _module_preset=&#8220;default&#8220; global_colors_info=&#8220;{}&#8220;][et_pb_text _builder_version=&#8220;4.21.0&#8243; _module_preset=&#8220;default&#8220; header_font=&#8220;Poppins|500|||||||&#8220; header_text_color=&#8220;#17181c&#8220; header_font_size=&#8220;46px&#8220; header_line_height=&#8220;1.2em&#8220; header_2_font=&#8220;Poppins||||||||&#8220; header_2_line_height=&#8220;1.2em&#8220; custom_margin=&#8220;||12px||false|false&#8220; global_colors_info=&#8220;{}&#8220;]<\/p>\n<h2>Sickrooms, corridors, hospital wards: on the psychogeography of the hospital in \u2018Leben\u2019 (DE)<\/h2>\n<div><\/div>\n<p>[\/et_pb_text][et_pb_text _builder_version=&#8220;4.21.0&#8243; _module_preset=&#8220;default&#8220; header_font=&#8220;Poppins|500|||||||&#8220; header_text_color=&#8220;#17181c&#8220; header_font_size=&#8220;46px&#8220; header_line_height=&#8220;1.2em&#8220; header_2_font=&#8220;Poppins||||||||&#8220; header_2_line_height=&#8220;1.2em&#8220; custom_margin=&#8220;||12px||false|false&#8220; global_colors_info=&#8220;{}&#8220;]<\/p>\n<p style=\"font-weight: 400;\">The prize-winning Leben (2013), a captivating autobiographical novel by the German author David Wagner, evokes the hospital as an unsettling labyrinth of spaces, sceneries, and sensory impressions. In the lecture and following discussion, we will delve into the poetical intricacies of this work.<\/p>\n<p>[\/et_pb_text][et_pb_text _builder_version=&#8220;4.21.0&#8243; _module_preset=&#8220;default&#8220; header_3_font=&#8220;Poppins||||||||&#8220; header_3_text_color=&#8220;#555868&#8243; header_3_font_size=&#8220;21px&#8220; custom_margin=&#8220;0px||24px|24px|false|false&#8220; locked=&#8220;off&#8220; global_colors_info=&#8220;{}&#8220;]<\/p>\n<h3>\u2015 \u00a0<span>David Wagner<\/span><\/h3>\n<p>[\/et_pb_text][et_pb_text _builder_version=&#8220;4.21.0&#8243; _module_preset=&#8220;default&#8220; text_font=&#8220;Poppins||||||||&#8220; text_font_size=&#8220;17px&#8220; text_line_height=&#8220;1.6em&#8220; text_orientation=&#8220;justified&#8220; global_colors_info=&#8220;{}&#8220;]<\/p>\n<p><span>06.09.2023, 17:00-19:00<\/span><\/p>\n<p><span>Presentation (online)<\/span><\/p>\n<p>[\/et_pb_text][\/et_pb_column_inner][\/et_pb_row_inner][et_pb_row_inner column_structure=&#8220;1_2,1_2&#8243; _builder_version=&#8220;4.21.0&#8243; _module_preset=&#8220;default&#8220; global_colors_info=&#8220;{}&#8220;][et_pb_column_inner type=&#8220;1_2&#8243; saved_specialty_column_type=&#8220;2_3&#8243; _builder_version=&#8220;4.21.0&#8243; _module_preset=&#8220;default&#8220; global_colors_info=&#8220;{}&#8220;][et_pb_button button_url=&#8220;https:\/\/goo.gl\/maps\/2gVkg1K13B8HBw7L7&#8243; url_new_window=&#8220;on&#8220; button_text=&#8220;Get there&#8220; button_alignment=&#8220;left&#8220; _builder_version=&#8220;4.21.0&#8243; _module_preset=&#8220;default&#8220; custom_button=&#8220;on&#8220; button_text_size=&#8220;18px&#8220; button_text_color=&#8220;#FFFFFF&#8220; button_bg_color=&#8220;#000000&#8243; button_border_width=&#8220;0px&#8220; button_border_radius=&#8220;30px&#8220; button_font=&#8220;Poppins||||||||&#8220; button_icon=&#8220;&#xf1b9;||fa||900&#8243; button_icon_placement=&#8220;left&#8220; button_on_hover=&#8220;off&#8220; transform_translate_linked=&#8220;off&#8220; background_layout=&#8220;dark&#8220; custom_margin=&#8220;3px||||false|false&#8220; custom_padding=&#8220;||||false|false&#8220; box_shadow_style=&#8220;preset3&#8243; box_shadow_color=&#8220;RGBA(255,255,255,0)&#8220; global_colors_info=&#8220;{}&#8220; transform_styles__hover_enabled=&#8220;on|desktop&#8220; transform_scale__hover_enabled=&#8220;on|desktop&#8220; transform_translate__hover_enabled=&#8220;on|desktop&#8220; transform_rotate__hover_enabled=&#8220;on|desktop&#8220; transform_skew__hover_enabled=&#8220;on|desktop&#8220; transform_origin__hover_enabled=&#8220;on|desktop&#8220; box_shadow_color__hover_enabled=&#8220;on|hover&#8220; box_shadow_color__hover=&#8220;rgba(0,0,0,0.24)&#8220; transform_translate__hover=&#8220;0px|-2px&#8220;][\/et_pb_button][\/et_pb_column_inner][et_pb_column_inner type=&#8220;1_2&#8243; saved_specialty_column_type=&#8220;2_3&#8243; _builder_version=&#8220;4.21.0&#8243; _module_preset=&#8220;default&#8220; global_colors_info=&#8220;{}&#8220;][et_pb_text _builder_version=&#8220;4.21.0&#8243; _module_preset=&#8220;default&#8220; text_font=&#8220;Poppins||||||||&#8220; text_font_size=&#8220;17px&#8220; text_line_height=&#8220;1.6em&#8220; text_orientation=&#8220;center&#8220; custom_margin=&#8220;|||-230px|false|false&#8220; custom_margin_tablet=&#8220;|||-230px|false|false&#8220; custom_margin_phone=&#8220;|||0px|false|false&#8220; custom_margin_last_edited=&#8220;on|phone&#8220; global_colors_info=&#8220;{}&#8220;]<\/p>\n<p style=\"font-weight: 400;\">Pavillon Vert<br \/>Chem. du Mus\u00e9e 10, CH\u20131700 Fribourg<\/p>\n<p>[\/et_pb_text][\/et_pb_column_inner][\/et_pb_row_inner][\/et_pb_column][et_pb_column type=&#8220;1_3&#8243; _builder_version=&#8220;4.16&#8243; custom_padding=&#8220;|||&#8220; global_colors_info=&#8220;{}&#8220; custom_padding__hover=&#8220;|||&#8220;][et_pb_image src=&#8220;https:\/\/projects.unifr.ch\/medikale-raeume\/wp-content\/uploads\/2023\/07\/David-Wagner-Vortragsflyer-Sept-2023.png&#8220; title_text=&#8220;David-Wagner-Vortragsflyer-Sept-2023&#8243; show_in_lightbox=&#8220;on&#8220; _builder_version=&#8220;4.21.0&#8243; _module_preset=&#8220;default&#8220; border_radii=&#8220;off|30px||30px|&#8220; global_colors_info=&#8220;{}&#8220;][\/et_pb_image][\/et_pb_column][\/et_pb_section]<\/p>\n","protected":false},"excerpt":{"rendered":"<p>OutputMonograph(s) Aum\u00fcller, Matthias: Medikaler Raum in der Erz\u00e4hlliteratur der DDR. Narratologische Fallanalysen und historische Entwicklung. Berlin\/Basel: Schwabe, 2025.\u00a0 From tuberculosis hospital to pathology. Medical spaces in the narrative literature of the GDR: Whether as a setting for socio-medical progress, ideological healing or the Cold War on the one hand, or as a place of critical [&hellip;]<\/p>\n","protected":false},"author":2,"featured_media":0,"parent":0,"menu_order":0,"comment_status":"closed","ping_status":"closed","template":"","meta":{"_et_pb_use_builder":"on","_et_pb_old_content":"","_et_gb_content_width":"","footnotes":""},"_links":{"self":[{"href":"https:\/\/projects.unifr.ch\/medikale-raeume\/index.php\/wp-json\/wp\/v2\/pages\/397"}],"collection":[{"href":"https:\/\/projects.unifr.ch\/medikale-raeume\/index.php\/wp-json\/wp\/v2\/pages"}],"about":[{"href":"https:\/\/projects.unifr.ch\/medikale-raeume\/index.php\/wp-json\/wp\/v2\/types\/page"}],"author":[{"embeddable":true,"href":"https:\/\/projects.unifr.ch\/medikale-raeume\/index.php\/wp-json\/wp\/v2\/users\/2"}],"replies":[{"embeddable":true,"href":"https:\/\/projects.unifr.ch\/medikale-raeume\/index.php\/wp-json\/wp\/v2\/comments?post=397"}],"version-history":[{"count":23,"href":"https:\/\/projects.unifr.ch\/medikale-raeume\/index.php\/wp-json\/wp\/v2\/pages\/397\/revisions"}],"predecessor-version":[{"id":807,"href":"https:\/\/projects.unifr.ch\/medikale-raeume\/index.php\/wp-json\/wp\/v2\/pages\/397\/revisions\/807"}],"wp:attachment":[{"href":"https:\/\/projects.unifr.ch\/medikale-raeume\/index.php\/wp-json\/wp\/v2\/media?parent=397"}],"curies":[{"name":"wp","href":"https:\/\/api.w.org\/{rel}","templated":true}]}}